{"id":18374,"date":"2022-01-05T06:47:10","date_gmt":"2022-01-05T05:47:10","guid":{"rendered":"https:\/\/stlc.local\/?page_id=18374"},"modified":"2022-06-05T06:51:26","modified_gmt":"2022-06-05T04:51:26","slug":"tlc-capitulo-1-disposiciones-generales","status":"publish","type":"page","link":"https:\/\/www.tribulab.cat\/es\/reglamento-de-funcionamiento-del-tlc\/tlc-capitulo-1-disposiciones-generales\/","title":{"rendered":"TLC. Cap\u00edtulo 1 &#8211; Disposiciones Generales"},"content":{"rendered":"\t\t<div data-elementor-type=\"wp-page\" data-elementor-id=\"18374\" class=\"elementor elementor-18374 elementor-15922\" data-elementor-post-type=\"page\">\n\t\t\t\t\t\t<section class=\"elementor-section elementor-top-section elementor-element elementor-element-6aadf85 elementor-section-stretched elementor-section-boxed elementor-section-height-default elementor-section-height-default\" data-id=\"6aadf85\" data-element_type=\"section\" data-e-type=\"section\" data-settings=\"{&quot;stretch_section&quot;:&quot;section-stretched&quot;}\">\n\t\t\t\t\t\t<div class=\"elementor-container elementor-column-gap-default\">\n\t\t\t\t\t<div class=\"elementor-column elementor-col-100 elementor-top-column elementor-element elementor-element-31c9bd1\" data-id=\"31c9bd1\" data-element_type=\"column\" data-e-type=\"column\">\n\t\t\t<div class=\"elementor-widget-wrap elementor-element-populated\">\n\t\t\t\t\t\t<div class=\"elementor-element elementor-element-a1253d0 elementor-widget elementor-widget-shortcode\" data-id=\"a1253d0\" data-element_type=\"widget\" data-e-type=\"widget\" data-widget_type=\"shortcode.default\">\n\t\t\t\t<div class=\"elementor-widget-container\">\n\t\t\t\t\t\t\t<div class=\"elementor-shortcode\">\t\t<div data-elementor-type=\"section\" data-elementor-id=\"14915\" class=\"elementor elementor-14915\" data-elementor-post-type=\"elementor_library\">\n\t\t\t\t\t<section class=\"elementor-section elementor-top-section elementor-element elementor-element-3f41daaa elementor-section-full_width elementor-section-stretched elementor-section-height-default elementor-section-height-default elementor-invisible\" data-id=\"3f41daaa\" data-element_type=\"section\" data-e-type=\"section\" data-settings=\"{&quot;stretch_section&quot;:&quot;section-stretched&quot;,&quot;animation&quot;:&quot;fadeIn&quot;,&quot;animation_delay&quot;:150}\">\n\t\t\t\t\t\t<div class=\"elementor-container elementor-column-gap-no\">\n\t\t\t\t\t<div class=\"elementor-column elementor-col-100 elementor-top-column elementor-element elementor-element-4bbb8188 col-header-background-container\" data-id=\"4bbb8188\" data-element_type=\"column\" data-e-type=\"column\" data-settings=\"{&quot;background_background&quot;:&quot;classic&quot;,&quot;background_motion_fx_motion_fx_scrolling&quot;:&quot;yes&quot;,&quot;background_motion_fx_translateY_effect&quot;:&quot;yes&quot;,&quot;background_motion_fx_translateY_direction&quot;:&quot;negative&quot;,&quot;background_motion_fx_translateY_speed&quot;:{&quot;unit&quot;:&quot;px&quot;,&quot;size&quot;:7,&quot;sizes&quot;:[]},&quot;background_motion_fx_devices&quot;:[&quot;desktop&quot;,&quot;tablet&quot;],&quot;background_motion_fx_translateY_affectedRange&quot;:{&quot;unit&quot;:&quot;%&quot;,&quot;size&quot;:&quot;&quot;,&quot;sizes&quot;:{&quot;start&quot;:0,&quot;end&quot;:100}}}\">\n\t\t\t<div class=\"elementor-widget-wrap elementor-element-populated\">\n\t\t\t\t\t<div class=\"elementor-background-overlay\"><\/div>\n\t\t\t\t\t\t<div class=\"elementor-element elementor-element-137ec605 elementor-widget elementor-widget-spacer\" data-id=\"137ec605\" data-element_type=\"widget\" data-e-type=\"widget\" data-widget_type=\"spacer.default\">\n\t\t\t\t<div class=\"elementor-widget-container\">\n\t\t\t\t\t\t\t<div class=\"elementor-spacer\">\n\t\t\t<div class=\"elementor-spacer-inner\"><\/div>\n\t\t<\/div>\n\t\t\t\t\t\t<\/div>\n\t\t\t\t<\/div>\n\t\t\t\t\t<\/div>\n\t\t<\/div>\n\t\t\t\t\t<\/div>\n\t\t<\/section>\n\t\t\t\t<section class=\"elementor-section elementor-top-section elementor-element elementor-element-742d26f elementor-section-stretched elementor-section-boxed elementor-section-height-default elementor-section-height-default\" data-id=\"742d26f\" data-element_type=\"section\" data-e-type=\"section\" data-settings=\"{&quot;stretch_section&quot;:&quot;section-stretched&quot;,&quot;background_background&quot;:&quot;classic&quot;}\">\n\t\t\t\t\t\t<div class=\"elementor-container elementor-column-gap-default\">\n\t\t\t\t\t<div class=\"elementor-column elementor-col-100 elementor-top-column elementor-element elementor-element-04cf841\" data-id=\"04cf841\" data-element_type=\"column\" data-e-type=\"column\">\n\t\t\t<div class=\"elementor-widget-wrap elementor-element-populated\">\n\t\t\t\t\t\t<div class=\"elementor-element elementor-element-fa6d74a elementor-widget elementor-widget-heading\" data-id=\"fa6d74a\" data-element_type=\"widget\" data-e-type=\"widget\" data-widget_type=\"heading.default\">\n\t\t\t\t<div class=\"elementor-widget-container\">\n\t\t\t\t\t<h1 class=\"elementor-heading-title elementor-size-default\">TLC. Cap\u00edtulo 1 &#8211; Disposiciones Generales<\/h1>\t\t\t\t<\/div>\n\t\t\t\t<\/div>\n\t\t\t\t\t<\/div>\n\t\t<\/div>\n\t\t\t\t\t<\/div>\n\t\t<\/section>\n\t\t\t\t<\/div>\n\t\t<\/div>\n\t\t\t\t\t\t<\/div>\n\t\t\t\t<\/div>\n\t\t\t\t\t<\/div>\n\t\t<\/div>\n\t\t\t\t\t<\/div>\n\t\t<\/section>\n\t\t\t\t<section class=\"elementor-section elementor-top-section elementor-element elementor-element-16cd7b4 elementor-section-boxed elementor-section-height-default elementor-section-height-default\" data-id=\"16cd7b4\" data-element_type=\"section\" data-e-type=\"section\">\n\t\t\t\t\t\t<div class=\"elementor-container elementor-column-gap-default\">\n\t\t\t\t\t<div class=\"elementor-column elementor-col-100 elementor-top-column elementor-element elementor-element-496fd42\" data-id=\"496fd42\" data-element_type=\"column\" data-e-type=\"column\">\n\t\t\t<div class=\"elementor-widget-wrap elementor-element-populated\">\n\t\t\t\t\t\t<div class=\"elementor-element elementor-element-9bb666e elementor-widget elementor-widget-text-editor\" data-id=\"9bb666e\" data-element_type=\"widget\" data-e-type=\"widget\" data-widget_type=\"text-editor.default\">\n\t\t\t\t<div class=\"elementor-widget-container\">\n\t\t\t\t\t\t\t\t\t<h2>Art\u00edculo 1: Naturaleza y objeto<\/h2>\t\t\t\t\t\t\t\t<\/div>\n\t\t\t\t<\/div>\n\t\t\t\t<div class=\"elementor-element elementor-element-628efb3 elementor-widget-divider--view-line elementor-widget elementor-widget-divider\" data-id=\"628efb3\" data-element_type=\"widget\" data-e-type=\"widget\" data-widget_type=\"divider.default\">\n\t\t\t\t<div class=\"elementor-widget-container\">\n\t\t\t\t\t\t\t<div class=\"elementor-divider\">\n\t\t\t<span class=\"elementor-divider-separator\">\n\t\t\t\t\t\t<\/span>\n\t\t<\/div>\n\t\t\t\t\t\t<\/div>\n\t\t\t\t<\/div>\n\t\t\t\t<div class=\"elementor-element elementor-element-1699ea3 elementor-widget elementor-widget-text-editor\" data-id=\"1699ea3\" data-element_type=\"widget\" data-e-type=\"widget\" data-widget_type=\"text-editor.default\">\n\t\t\t\t<div class=\"elementor-widget-container\">\n\t\t\t\t\t\t\t\t\t<p>El Tribunal Laboral de Conciliaci\u00f3n, Mediaci\u00f3n y Arbitraje de Catalu\u00f1a se constituye como la \u00fanica instancia aut\u00f3noma extrajudicial en los conflictos laborales que se produzcan en Catalu\u00f1a, de acuerdo con el art\u00edculo 83.3 del Estatuto de los trabajadores y en virtud de los Acuerdos Interprofesionales de Catalu\u00f1a suscritos por Foment del Treball Nacional (FTN) y los sindicatos, Uni\u00f3 General de Treballadors de Catalu\u00f1a (UGT) y Comissions Obreres de Catalunya (CONC), los d\u00edas 7 de noviembre de 1990 y 17 de junio de 2005; los Acuerdos Interprofesionales de Catalu\u00f1a 2015-2017 y 2018-2020, firmados, el d\u00eda 27 de noviembre de 2015 y el 24 de julio de 2018, por las organizaciones patronales: Foment del Treball Nacional (FTN), Petita i Mitjana Empresa de Catalunya (PIMEC) y la Federaci\u00f3 d\u2019Empresaris de la Petita i Mitjana Empresa de Catalunya (FEPIME), y las organizaciones sindicales: Uni\u00f3 General de Treballadors de Catalunya (UGT) y Comissions Obreres de Catalunya (CONC).<\/p><p>El Tribunal Laboral de Catalu\u00f1a, adem\u00e1s de las fFunciones de intervenci\u00f3n en los conflictos de intereses que le sean propios, act\u00faa como \u00f3rgano de conciliaci\u00f3n y mediaci\u00f3n a los efectos de los art\u00edculos 63 y 156 de la Ley 36\/2011, de 10 de octubre, reguladora de la jurisdicci\u00f3n social, de acuerdo con las previsiones y l\u00edmites contenidos en el presente reglamento.<\/p>\t\t\t\t\t\t\t\t<\/div>\n\t\t\t\t<\/div>\n\t\t\t\t<div class=\"elementor-element elementor-element-2caeaf6 elementor-widget-divider--view-line elementor-widget elementor-widget-divider\" data-id=\"2caeaf6\" data-element_type=\"widget\" data-e-type=\"widget\" data-widget_type=\"divider.default\">\n\t\t\t\t<div class=\"elementor-widget-container\">\n\t\t\t\t\t\t\t<div class=\"elementor-divider\">\n\t\t\t<span class=\"elementor-divider-separator\">\n\t\t\t\t\t\t<\/span>\n\t\t<\/div>\n\t\t\t\t\t\t<\/div>\n\t\t\t\t<\/div>\n\t\t\t\t\t<\/div>\n\t\t<\/div>\n\t\t\t\t\t<\/div>\n\t\t<\/section>\n\t\t\t\t<section class=\"elementor-section elementor-top-section elementor-element elementor-element-3ba5b52 elementor-section-boxed elementor-section-height-default elementor-section-height-default\" data-id=\"3ba5b52\" data-element_type=\"section\" data-e-type=\"section\">\n\t\t\t\t\t\t<div class=\"elementor-container elementor-column-gap-default\">\n\t\t\t\t\t<div class=\"elementor-column elementor-col-100 elementor-top-column elementor-element elementor-element-b6d8ce6\" data-id=\"b6d8ce6\" data-element_type=\"column\" data-e-type=\"column\">\n\t\t\t<div class=\"elementor-widget-wrap elementor-element-populated\">\n\t\t\t\t\t\t<div class=\"elementor-element elementor-element-0c32936 elementor-widget elementor-widget-text-editor\" data-id=\"0c32936\" data-element_type=\"widget\" data-e-type=\"widget\" data-widget_type=\"text-editor.default\">\n\t\t\t\t<div class=\"elementor-widget-container\">\n\t\t\t\t\t\t\t\t\t<h2>Art\u00edculo 2: \u00c1mbito territorial y personal<\/h2>\t\t\t\t\t\t\t\t<\/div>\n\t\t\t\t<\/div>\n\t\t\t\t<div class=\"elementor-element elementor-element-4ccd889 elementor-widget-divider--view-line elementor-widget elementor-widget-divider\" data-id=\"4ccd889\" data-element_type=\"widget\" data-e-type=\"widget\" data-widget_type=\"divider.default\">\n\t\t\t\t<div class=\"elementor-widget-container\">\n\t\t\t\t\t\t\t<div class=\"elementor-divider\">\n\t\t\t<span class=\"elementor-divider-separator\">\n\t\t\t\t\t\t<\/span>\n\t\t<\/div>\n\t\t\t\t\t\t<\/div>\n\t\t\t\t<\/div>\n\t\t\t\t<div class=\"elementor-element elementor-element-34611d9 elementor-widget elementor-widget-text-editor\" data-id=\"34611d9\" data-element_type=\"widget\" data-e-type=\"widget\" data-widget_type=\"text-editor.default\">\n\t\t\t\t<div class=\"elementor-widget-container\">\n\t\t\t\t\t\t\t\t\t<p>2.1. Las disposiciones contenidas en este reglamento ser\u00e1n de aplicaci\u00f3n en la totalidad del territorio de Catalu\u00f1a.<\/p><p>2.2. Estar\u00e1n afectadas por estas disposiciones las empresas y personas trabajadoras, las relaciones laborales de los que se desarrollen en centros de trabajo ubicados en el \u00e1mbito territorial mencionado.<\/p>\t\t\t\t\t\t\t\t<\/div>\n\t\t\t\t<\/div>\n\t\t\t\t<div class=\"elementor-element elementor-element-b71cdd0 elementor-widget-divider--view-line elementor-widget elementor-widget-divider\" data-id=\"b71cdd0\" data-element_type=\"widget\" data-e-type=\"widget\" data-widget_type=\"divider.default\">\n\t\t\t\t<div class=\"elementor-widget-container\">\n\t\t\t\t\t\t\t<div class=\"elementor-divider\">\n\t\t\t<span class=\"elementor-divider-separator\">\n\t\t\t\t\t\t<\/span>\n\t\t<\/div>\n\t\t\t\t\t\t<\/div>\n\t\t\t\t<\/div>\n\t\t\t\t\t<\/div>\n\t\t<\/div>\n\t\t\t\t\t<\/div>\n\t\t<\/section>\n\t\t\t\t<section class=\"elementor-section elementor-top-section elementor-element elementor-element-9d21d19 elementor-section-boxed elementor-section-height-default elementor-section-height-default\" data-id=\"9d21d19\" data-element_type=\"section\" data-e-type=\"section\">\n\t\t\t\t\t\t<div class=\"elementor-container elementor-column-gap-default\">\n\t\t\t\t\t<div class=\"elementor-column elementor-col-100 elementor-top-column elementor-element elementor-element-2f7e492\" data-id=\"2f7e492\" data-element_type=\"column\" data-e-type=\"column\">\n\t\t\t<div class=\"elementor-widget-wrap elementor-element-populated\">\n\t\t\t\t\t\t<div class=\"elementor-element elementor-element-6267355 elementor-widget elementor-widget-text-editor\" data-id=\"6267355\" data-element_type=\"widget\" data-e-type=\"widget\" data-widget_type=\"text-editor.default\">\n\t\t\t\t<div class=\"elementor-widget-container\">\n\t\t\t\t\t\t\t\t\t<h2>Art\u00edculo 3: Vigencia y denuncia<\/h2>\t\t\t\t\t\t\t\t<\/div>\n\t\t\t\t<\/div>\n\t\t\t\t<div class=\"elementor-element elementor-element-9ed858e elementor-widget-divider--view-line elementor-widget elementor-widget-divider\" data-id=\"9ed858e\" data-element_type=\"widget\" data-e-type=\"widget\" data-widget_type=\"divider.default\">\n\t\t\t\t<div class=\"elementor-widget-container\">\n\t\t\t\t\t\t\t<div class=\"elementor-divider\">\n\t\t\t<span class=\"elementor-divider-separator\">\n\t\t\t\t\t\t<\/span>\n\t\t<\/div>\n\t\t\t\t\t\t<\/div>\n\t\t\t\t<\/div>\n\t\t\t\t<div class=\"elementor-element elementor-element-e480755 elementor-widget elementor-widget-text-editor\" data-id=\"e480755\" data-element_type=\"widget\" data-e-type=\"widget\" data-widget_type=\"text-editor.default\">\n\t\t\t\t<div class=\"elementor-widget-container\">\n\t\t\t\t\t\t\t\t\t<p>El presente reglamento de funcionamiento del Tribunal Laboral de Catalu\u00f1a tendr\u00e1 una vigencia indefinida.<\/p><p>Sin embargo, cualquier organizaci\u00f3n firmante del Acuerdo Interprofesional de Catalu\u00f1a podr\u00e1 denunciar el reglamento comunic\u00e1ndolo a las restantes con una antelaci\u00f3n m\u00ednima de tres meses a la fecha en que se pretenda finalizar su vigencia.<\/p>\t\t\t\t\t\t\t\t<\/div>\n\t\t\t\t<\/div>\n\t\t\t\t<div class=\"elementor-element elementor-element-d08f1d7 elementor-widget-divider--view-line elementor-widget elementor-widget-divider\" data-id=\"d08f1d7\" data-element_type=\"widget\" data-e-type=\"widget\" data-widget_type=\"divider.default\">\n\t\t\t\t<div class=\"elementor-widget-container\">\n\t\t\t\t\t\t\t<div class=\"elementor-divider\">\n\t\t\t<span class=\"elementor-divider-separator\">\n\t\t\t\t\t\t<\/span>\n\t\t<\/div>\n\t\t\t\t\t\t<\/div>\n\t\t\t\t<\/div>\n\t\t\t\t\t<\/div>\n\t\t<\/div>\n\t\t\t\t\t<\/div>\n\t\t<\/section>\n\t\t\t\t<section class=\"elementor-section elementor-top-section elementor-element elementor-element-9a12db6 elementor-section-boxed elementor-section-height-default elementor-section-height-default\" data-id=\"9a12db6\" data-element_type=\"section\" data-e-type=\"section\">\n\t\t\t\t\t\t<div class=\"elementor-container elementor-column-gap-default\">\n\t\t\t\t\t<div class=\"elementor-column elementor-col-100 elementor-top-column elementor-element elementor-element-a2fed5e\" data-id=\"a2fed5e\" data-element_type=\"column\" data-e-type=\"column\">\n\t\t\t<div class=\"elementor-widget-wrap elementor-element-populated\">\n\t\t\t\t\t\t<div class=\"elementor-element elementor-element-cf06a8c elementor-widget elementor-widget-text-editor\" data-id=\"cf06a8c\" data-element_type=\"widget\" data-e-type=\"widget\" data-widget_type=\"text-editor.default\">\n\t\t\t\t<div class=\"elementor-widget-container\">\n\t\t\t\t\t\t\t\t\t<h2>Art\u00edculo 4: Idioma<\/h2>\t\t\t\t\t\t\t\t<\/div>\n\t\t\t\t<\/div>\n\t\t\t\t<div class=\"elementor-element elementor-element-1c64e0d elementor-widget-divider--view-line elementor-widget elementor-widget-divider\" data-id=\"1c64e0d\" data-element_type=\"widget\" data-e-type=\"widget\" data-widget_type=\"divider.default\">\n\t\t\t\t<div class=\"elementor-widget-container\">\n\t\t\t\t\t\t\t<div class=\"elementor-divider\">\n\t\t\t<span class=\"elementor-divider-separator\">\n\t\t\t\t\t\t<\/span>\n\t\t<\/div>\n\t\t\t\t\t\t<\/div>\n\t\t\t\t<\/div>\n\t\t\t\t<div class=\"elementor-element elementor-element-aa7a13d elementor-widget elementor-widget-text-editor\" data-id=\"aa7a13d\" data-element_type=\"widget\" data-e-type=\"widget\" data-widget_type=\"text-editor.default\">\n\t\t\t\t<div class=\"elementor-widget-container\">\n\t\t\t\t\t\t\t\t\t<p>El idioma del Tribunal Laboral de Catalu\u00f1a es el catal\u00e1n si bien en los procedimientos de conciliaci\u00f3n, mediaci\u00f3n, arbitrajes y el resto de actuaciones, se utilizar\u00e1n indistintamente el catal\u00e1n o el castellano en funci\u00f3n de lo que determinen las personas instantes de los diferentes procedimientos o, una vez iniciado el procedimiento, por acuerdo entre las partes.<\/p>\t\t\t\t\t\t\t\t<\/div>\n\t\t\t\t<\/div>\n\t\t\t\t<div class=\"elementor-element elementor-element-3c67f9a elementor-widget-divider--view-line elementor-widget elementor-widget-divider\" data-id=\"3c67f9a\" data-element_type=\"widget\" data-e-type=\"widget\" data-widget_type=\"divider.default\">\n\t\t\t\t<div class=\"elementor-widget-container\">\n\t\t\t\t\t\t\t<div class=\"elementor-divider\">\n\t\t\t<span class=\"elementor-divider-separator\">\n\t\t\t\t\t\t<\/span>\n\t\t<\/div>\n\t\t\t\t\t\t<\/div>\n\t\t\t\t<\/div>\n\t\t\t\t\t<\/div>\n\t\t<\/div>\n\t\t\t\t\t<\/div>\n\t\t<\/section>\n\t\t\t\t<section class=\"elementor-section elementor-top-section elementor-element elementor-element-43334df elementor-section-boxed elementor-section-height-default elementor-section-height-default\" data-id=\"43334df\" data-element_type=\"section\" data-e-type=\"section\">\n\t\t\t\t\t\t<div class=\"elementor-container elementor-column-gap-default\">\n\t\t\t\t\t<div class=\"elementor-column elementor-col-100 elementor-top-column elementor-element elementor-element-6605e5e\" data-id=\"6605e5e\" data-element_type=\"column\" data-e-type=\"column\">\n\t\t\t<div class=\"elementor-widget-wrap elementor-element-populated\">\n\t\t\t\t\t\t<div class=\"elementor-element elementor-element-239b6a3 elementor-widget elementor-widget-text-editor\" data-id=\"239b6a3\" data-element_type=\"widget\" data-e-type=\"widget\" data-widget_type=\"text-editor.default\">\n\t\t\t\t<div class=\"elementor-widget-container\">\n\t\t\t\t\t\t\t\t\t<h2>Art\u00edculo 5: D\u00edas h\u00e1biles y vacaciones<\/h2>\t\t\t\t\t\t\t\t<\/div>\n\t\t\t\t<\/div>\n\t\t\t\t<div class=\"elementor-element elementor-element-c612203 elementor-widget-divider--view-line elementor-widget elementor-widget-divider\" data-id=\"c612203\" data-element_type=\"widget\" data-e-type=\"widget\" data-widget_type=\"divider.default\">\n\t\t\t\t<div class=\"elementor-widget-container\">\n\t\t\t\t\t\t\t<div class=\"elementor-divider\">\n\t\t\t<span class=\"elementor-divider-separator\">\n\t\t\t\t\t\t<\/span>\n\t\t<\/div>\n\t\t\t\t\t\t<\/div>\n\t\t\t\t<\/div>\n\t\t\t\t<div class=\"elementor-element elementor-element-8df0764 elementor-widget elementor-widget-text-editor\" data-id=\"8df0764\" data-element_type=\"widget\" data-e-type=\"widget\" data-widget_type=\"text-editor.default\">\n\t\t\t\t<div class=\"elementor-widget-container\">\n\t\t\t\t\t\t\t\t\t<p>Se consideran d\u00edas h\u00e1biles de lunes a viernes no festivos. El mes de agosto y los d\u00edas 24 y 31 de diciembre, ser\u00e1n inh\u00e1biles a todos los efectos.<\/p>\t\t\t\t\t\t\t\t<\/div>\n\t\t\t\t<\/div>\n\t\t\t\t\t<\/div>\n\t\t<\/div>\n\t\t\t\t\t<\/div>\n\t\t<\/section>\n\t\t\t\t<\/div>\n\t\t","protected":false},"excerpt":{"rendered":"<p>Art\u00edculo 1: Naturaleza y objeto El Tribunal Laboral de Conciliaci\u00f3n, Mediaci\u00f3n y Arbitraje de Catalu\u00f1a se constituye como la \u00fanica instancia aut\u00f3noma extrajudicial en los conflictos laborales que se produzcan en Catalu\u00f1a, de acuerdo con el art\u00edculo 83.3 del Estatuto de los trabajadores y en virtud de los Acuerdos Interprofesionales de Catalu\u00f1a suscritos por Foment&hellip;<\/p>\n","protected":false},"author":2,"featured_media":15887,"parent":18362,"menu_order":0,"comment_status":"closed","ping_status":"closed","template":"","meta":{"footnotes":""},"class_list":["post-18374","page","type-page","status-publish","has-post-thumbnail","hentry"],"_links":{"self":[{"href":"https:\/\/www.tribulab.cat\/es\/wp-json\/wp\/v2\/pages\/18374","targetHints":{"allow":["GET"]}}],"collection":[{"href":"https:\/\/www.tribulab.cat\/es\/wp-json\/wp\/v2\/pages"}],"about":[{"href":"https:\/\/www.tribulab.cat\/es\/wp-json\/wp\/v2\/types\/page"}],"author":[{"embeddable":true,"href":"https:\/\/www.tribulab.cat\/es\/wp-json\/wp\/v2\/users\/2"}],"replies":[{"embeddable":true,"href":"https:\/\/www.tribulab.cat\/es\/wp-json\/wp\/v2\/comments?post=18374"}],"version-history":[{"count":0,"href":"https:\/\/www.tribulab.cat\/es\/wp-json\/wp\/v2\/pages\/18374\/revisions"}],"up":[{"embeddable":true,"href":"https:\/\/www.tribulab.cat\/es\/wp-json\/wp\/v2\/pages\/18362"}],"wp:featuredmedia":[{"embeddable":true,"href":"https:\/\/www.tribulab.cat\/es\/wp-json\/wp\/v2\/media\/15887"}],"wp:attachment":[{"href":"https:\/\/www.tribulab.cat\/es\/wp-json\/wp\/v2\/media?parent=18374"}],"curies":[{"name":"wp","href":"https:\/\/api.w.org\/{rel}","templated":true}]}}